{"id":1615,"date":"2024-05-30T09:32:34","date_gmt":"2024-05-30T07:32:34","guid":{"rendered":"https:\/\/www.camping-lecolporteur.com\/tourismus-camping-bourg-oisans-isere\/"},"modified":"2024-08-20T15:07:16","modified_gmt":"2024-08-20T13:07:16","slug":"tourismus-camping-bourg-oisans-isere","status":"publish","type":"page","link":"https:\/\/www.camping-lecolporteur.com\/de\/tourismus-camping-bourg-oisans-isere\/","title":{"rendered":"In der Umgebung"},"content":{"rendered":"\n<div class=\"is-layout-flow wp-block-group alignfull diaporama-header T-05\"><div class=\"fc-galerie fc-auto \"  style=\"\"  ><figure class=\"fc-galerie__item fc-auto f-carousel__slide \" style=\"\"><picture><source srcset=\"https:\/\/www.camping-lecolporteur.com\/wp-content\/uploads\/2024\/07\/batch_rivieres-camping-familial-montagne-Alpe-dHuez-bourg-doisans--600x246.jpg\" media=\"(max-width: 211px)\"><source srcset=\"https:\/\/www.camping-lecolporteur.com\/wp-content\/uploads\/2024\/07\/batch_rivieres-camping-familial-montagne-Alpe-dHuez-bourg-doisans--415x580.jpg\" media=\"(max-width: 416px)\"><source srcset=\"https:\/\/www.camping-lecolporteur.com\/wp-content\/uploads\/2024\/07\/batch_rivieres-camping-familial-montagne-Alpe-dHuez-bourg-doisans--800x328.jpg\" media=\"(max-width: 421px)\"><source srcset=\"https:\/\/www.camping-lecolporteur.com\/wp-content\/uploads\/2024\/07\/batch_rivieres-camping-familial-montagne-Alpe-dHuez-bourg-doisans--1024x420.jpg\" media=\"(max-width: 1025px)\"><source srcset=\"https:\/\/www.camping-lecolporteur.com\/wp-content\/uploads\/2024\/07\/batch_rivieres-camping-familial-montagne-Alpe-dHuez-bourg-doisans-.jpg\" media=\"(min-width: 1026px)\"><img decoding=\"async\" loading=\"lazy\" width=\"415\" height=\"210\" src=\"https:\/\/www.camping-lecolporteur.com\/wp-content\/uploads\/2024\/07\/batch_rivieres-camping-familial-montagne-Alpe-dHuez-bourg-doisans--600x246.jpg\" alt=\"montagne camping \u00e0 l&#039;Alpes d&#039;Huez\" title=\"\"><\/picture><\/figure><\/div>\n\n\n<div class=\"is-layout-constrained wp-block-group\"><\/div>\n\n\n<figure class=\"deco--ligne-v fc-auto \" style=\"\"  ><picture><source srcset=\"https:\/\/www.camping-lecolporteur.com\/wp-content\/uploads\/2024\/06\/ligne-v.svg\" media=\"(max-width: 211px)\"><source srcset=\"https:\/\/www.camping-lecolporteur.com\/wp-content\/uploads\/2024\/06\/ligne-v.svg\" media=\"(max-width: 421px)\"><source srcset=\"https:\/\/www.camping-lecolporteur.com\/wp-content\/uploads\/2024\/06\/ligne-v.svg\" media=\"(max-width: 1025px)\"><source srcset=\"https:\/\/www.camping-lecolporteur.com\/wp-content\/uploads\/2024\/06\/ligne-v.svg\" media=\"(min-width: 1026px)\"><img decoding=\"async\" loading=\"lazy\" width=\"420\" height=\"210\" src=\"https:\/\/www.camping-lecolporteur.com\/wp-content\/uploads\/2024\/06\/ligne-v.svg\" alt=\"\" title=\"\"><\/picture><\/figure>\n\n<figure class=\"deco--vague-header fc-auto \" style=\"\"  ><picture><source srcset=\"https:\/\/www.camping-lecolporteur.com\/wp-content\/uploads\/2024\/06\/vague-b2.svg\" media=\"(max-width: 211px)\"><source srcset=\"https:\/\/www.camping-lecolporteur.com\/wp-content\/uploads\/2024\/06\/vague-b2.svg\" media=\"(max-width: 421px)\"><source srcset=\"https:\/\/www.camping-lecolporteur.com\/wp-content\/uploads\/2024\/06\/vague-b2.svg\" media=\"(max-width: 1025px)\"><source srcset=\"https:\/\/www.camping-lecolporteur.com\/wp-content\/uploads\/2024\/06\/vague-b2.svg\" media=\"(min-width: 1026px)\"><img decoding=\"async\" loading=\"lazy\" width=\"420\" height=\"210\" src=\"https:\/\/www.camping-lecolporteur.com\/wp-content\/uploads\/2024\/06\/vague-b2.svg\" alt=\"\" title=\"\"><\/picture><\/figure><\/div>\n\n\n\n<section class=\"is-layout-flow wp-block-group position\"><figure class=\"deco--lignes2 fc-auto \" style=\"\"  ><picture><source srcset=\"https:\/\/www.camping-lecolporteur.com\/wp-content\/uploads\/2024\/05\/lignes.svg\" media=\"(max-width: 211px)\"><source srcset=\"https:\/\/www.camping-lecolporteur.com\/wp-content\/uploads\/2024\/05\/lignes.svg\" media=\"(max-width: 421px)\"><source srcset=\"https:\/\/www.camping-lecolporteur.com\/wp-content\/uploads\/2024\/05\/lignes.svg\" media=\"(max-width: 1025px)\"><source srcset=\"https:\/\/www.camping-lecolporteur.com\/wp-content\/uploads\/2024\/05\/lignes.svg\" media=\"(min-width: 1026px)\"><img decoding=\"async\" loading=\"lazy\" width=\"420\" height=\"210\" src=\"https:\/\/www.camping-lecolporteur.com\/wp-content\/uploads\/2024\/05\/lignes.svg\" alt=\"camping Ciela\" title=\"\"><\/picture><\/figure>\n\n\n<div class=\"is-layout-flex wp-container-9 wp-block-columns are-vertically-aligned-center\">\n<div class=\"is-layout-flow wp-block-column is-vertically-aligned-center\">\n<h1 id=\"vos-vacances-en-camping-en-nouvelle-aquitaine\">Entdecken Sie die Auvergne-Rh\u00f4ne-Alpes rund um den Campingplatz Le Colporteur<\/h1>\n\n\n\n<p>Unser Campingplatz liegt in einer bezaubernden und revitalisierenden Umgebung am Fu\u00dfe von <strong>Alpe d&#8217;Huez<\/strong>, einem beliebten Ziel f\u00fcr Liebhaber gro\u00dfer Landschaften und starker Gef\u00fchle.<\/p>\n\n\n\n<p>Unser Campingplatz ist <strong>von majest\u00e4tischen Bergen und gr\u00fcnen W\u00e4ldern umgeben<\/strong> und bietet eine atemberaubende Umgebung, die perfekt f\u00fcr diejenigen ist, die Natur und Ruhe suchen. Ob Sie nun ein begeisterter Radfahrer sind, der den legend\u00e4ren Aufstieg nach <strong>Alpe d&#8217;Huez<\/strong> bew\u00e4ltigen m\u00f6chte, oder ein Wanderer, der die unz\u00e4hligen Wanderwege erkunden m\u00f6chte, unsere Lage ist ideal f\u00fcr einen aktiven und erholsamen Urlaub. Genie\u00dfen Sie die frische Alpenluft und die spektakul\u00e4re Landschaft, w\u00e4hrend Sie die modernen Annehmlichkeiten und den Komfort unseres Campingplatzes genie\u00dfen, der so gestaltet ist, dass Ihr Aufenthalt unvergesslich wird.<\/p>\n<\/div>\n\n\n\n<div class=\"is-layout-flow wp-block-column is-vertically-aligned-center\"><div class=\"fc-galerie fc-auto col-1 f-carousel fc-diapo \"  style=\"\"  data-fancybox=\"gallery\"><figure class=\"fc-galerie__item fc-auto f-carousel__slide \" style=\"\"><picture><source srcset=\"https:\/\/www.camping-lecolporteur.com\/wp-content\/uploads\/2024\/07\/AdobeStock_286526086-600x400.jpeg\" media=\"(max-width: 211px)\"><source srcset=\"https:\/\/www.camping-lecolporteur.com\/wp-content\/uploads\/2024\/07\/AdobeStock_286526086-800x533.jpeg\" media=\"(max-width: 421px)\"><source srcset=\"https:\/\/www.camping-lecolporteur.com\/wp-content\/uploads\/2024\/07\/AdobeStock_286526086-1024x683.jpeg\" media=\"(max-width: 1025px)\"><source srcset=\"https:\/\/www.camping-lecolporteur.com\/wp-content\/uploads\/2024\/07\/AdobeStock_286526086-scaled.jpeg\" media=\"(min-width: 1026px)\"><img decoding=\"async\" loading=\"lazy\" width=\"415\" height=\"210\" src=\"https:\/\/www.camping-lecolporteur.com\/wp-content\/uploads\/2024\/07\/AdobeStock_286526086-600x400.jpeg\" alt=\"vercos rhone alpes\" title=\"\"><\/picture><\/figure><figure class=\"fc-galerie__item fc-auto f-carousel__slide \" style=\"\"><picture><source srcset=\"https:\/\/www.camping-lecolporteur.com\/wp-content\/uploads\/2024\/07\/AdobeStock_667762761--600x240.jpeg\" media=\"(max-width: 211px)\"><source srcset=\"https:\/\/www.camping-lecolporteur.com\/wp-content\/uploads\/2024\/07\/AdobeStock_667762761--800x320.jpeg\" media=\"(max-width: 421px)\"><source srcset=\"https:\/\/www.camping-lecolporteur.com\/wp-content\/uploads\/2024\/07\/AdobeStock_667762761-.jpeg\" media=\"(max-width: 1025px)\"><source srcset=\"https:\/\/www.camping-lecolporteur.com\/wp-content\/uploads\/2024\/07\/AdobeStock_667762761-.jpeg\" media=\"(min-width: 1026px)\"><img decoding=\"async\" loading=\"lazy\" width=\"415\" height=\"210\" src=\"https:\/\/www.camping-lecolporteur.com\/wp-content\/uploads\/2024\/07\/AdobeStock_667762761--600x240.jpeg\" alt=\"Grand Colombier alpes\" title=\"\"><\/picture><figcaption>\n<\/figcaption><\/figure><\/div><\/div>\n<\/div>\n<\/section>\n\n\n\n<section class=\"is-layout-flow wp-block-group\">\n<h2 class=\"has-text-align-center\" id=\"que-faire-autour-du-camping-eurosol-dans-les-landes\">Was kann man in der Umgebung des Campingplatzes unternehmen?<\/h2>\n\n\n\r\n<section id=\"fc-alentours\" class=\"wp-block-columns\">\r\n\r\n  <div id=\"listing-alentours\" class=\"wp-block-column\">\r\n    \r\n    <div class=\"filtres\">\r\n      <div>\r\n        <input id=\"all\" name=\"filter\" type=\"radio\" class=\"all-input\" checked=\"checked\" \/>\r\n        <label for=\"all\" class=\"all-label\">Alle Orte<\/label>\r\n      <\/div>\r\n      <div><input id=\"aktivitaten\" name=\"filter\" type=\"radio\" \/><label for=\"aktivitaten\">Aktivit\u00e4ten<\/label><\/div><div><input id=\"besuche\" name=\"filter\" type=\"radio\" \/><label for=\"besuche\">Besuche<\/label><\/div><div><input id=\"entdeckung\" name=\"filter\" type=\"radio\" \/><label for=\"entdeckung\">Entdeckung<\/label><\/div>      <input type='hidden' id='current_page'\/>\r\n      <input type='hidden' id='show_per_page'\/>\r\n    <\/div>\r\n\r\n    <div id=\"listing\">\r\n              <article class=\"lieu-alentour currentCat visuel\" data-cat=\"camping\" data-slug=\"camping\" data-couleur='#1b484d' data-icone='map-marker-alt' data-latitude=\"45.052007\" data-longitude=\"6.035198\">\r\n          <div class=\"texte-lieu\">\r\n            <p class=\"titre-lieu\">Camping le Colporteur<\/p>\r\n          <\/div>\r\n          <img width=\"1024\" height=\"521\" src=\"https:\/\/www.camping-lecolporteur.com\/wp-content\/uploads\/2024\/07\/place-camping-familial-montagne-Alpe-dHuez-bourg-doisans-1024x521.jpg\" class=\"attachment-large size-large\" alt=\"location mobil home Alpe d&#039;Huez\" decoding=\"async\" loading=\"lazy\" srcset=\"https:\/\/www.camping-lecolporteur.com\/wp-content\/uploads\/2024\/07\/place-camping-familial-montagne-Alpe-dHuez-bourg-doisans-1024x521.jpg 1024w, https:\/\/www.camping-lecolporteur.com\/wp-content\/uploads\/2024\/07\/place-camping-familial-montagne-Alpe-dHuez-bourg-doisans-420x214.jpg 420w, https:\/\/www.camping-lecolporteur.com\/wp-content\/uploads\/2024\/07\/place-camping-familial-montagne-Alpe-dHuez-bourg-doisans-768x391.jpg 768w, https:\/\/www.camping-lecolporteur.com\/wp-content\/uploads\/2024\/07\/place-camping-familial-montagne-Alpe-dHuez-bourg-doisans-1536x782.jpg 1536w, https:\/\/www.camping-lecolporteur.com\/wp-content\/uploads\/2024\/07\/place-camping-familial-montagne-Alpe-dHuez-bourg-doisans.jpg 2048w\" sizes=\"(max-width: 1024px) 100vw, 1024px\" title=\"\">        <\/article>\r\n                <article class=\"lieu-alentour currentCat visuel\" data-cat=\"besuche\" data-slug=\"alpe-dhuez\" data-icone=\"\" data-couleur=\"\" data-latitude=\"45.0923807\" data-longitude=\"6.0683611\">\r\n          <div class=\"texte-lieu\">\r\n            <p class=\"categorie-lieu\">\r\n              <svg xmlns=\"http:\/\/www.w3.org\/2000\/svg\" viewBox=\"0 0 384 512\" style=\"width: 0.65rem; margin-right: .25rem; fill: white;\"><path d=\"M32 32C32 14.3 46.3 0 64 0H320c17.7 0 32 14.3 32 32s-14.3 32-32 32H290.5l11.4 148.2c36.7 19.9 65.7 53.2 79.5 94.7l1 3c3.3 9.8 1.6 20.5-4.4 28.8s-15.7 13.3-26 13.3H32c-10.3 0-19.9-4.9-26-13.3s-7.7-19.1-4.4-28.8l1-3c13.8-41.5 42.8-74.8 79.5-94.7L93.5 64H64C46.3 64 32 49.7 32 32zM160 384h64v96c0 17.7-14.3 32-32 32s-32-14.3-32-32V384z\"\/><\/svg> Besuche            <\/p>\r\n            <p class=\"titre-lieu\">Alpe d&#8217;Huez<\/p>\r\n            <p class=\"ville-lieu\">Huez<\/p>\r\n          <\/div>\r\n          <img width=\"1024\" height=\"683\" src=\"https:\/\/www.camping-lecolporteur.com\/wp-content\/uploads\/2024\/07\/AdobeStock_823180929.jpeg\" class=\"attachment-large size-large\" alt=\"montagne camping Alpes d&#039;Huez Is\u00e8re\" decoding=\"async\" loading=\"lazy\" srcset=\"https:\/\/www.camping-lecolporteur.com\/wp-content\/uploads\/2024\/07\/AdobeStock_823180929.jpeg 1024w, https:\/\/www.camping-lecolporteur.com\/wp-content\/uploads\/2024\/07\/AdobeStock_823180929-420x280.jpeg 420w, https:\/\/www.camping-lecolporteur.com\/wp-content\/uploads\/2024\/07\/AdobeStock_823180929-768x512.jpeg 768w\" sizes=\"(max-width: 1024px) 100vw, 1024px\" title=\"\">        <\/article>\r\n              <article class=\"lieu-alentour currentCat visuel\" data-cat=\"entdeckung\" data-slug=\"belvedere-des-ecrins-3400m\" data-icone=\"\" data-couleur=\"\" data-latitude=\"44.9429427\" data-longitude=\"6.2192189\">\r\n          <div class=\"texte-lieu\">\r\n            <p class=\"categorie-lieu\">\r\n              <svg xmlns=\"http:\/\/www.w3.org\/2000\/svg\" viewBox=\"0 0 384 512\" style=\"width: 0.65rem; margin-right: .25rem; fill: white;\"><path d=\"M32 32C32 14.3 46.3 0 64 0H320c17.7 0 32 14.3 32 32s-14.3 32-32 32H290.5l11.4 148.2c36.7 19.9 65.7 53.2 79.5 94.7l1 3c3.3 9.8 1.6 20.5-4.4 28.8s-15.7 13.3-26 13.3H32c-10.3 0-19.9-4.9-26-13.3s-7.7-19.1-4.4-28.8l1-3c13.8-41.5 42.8-74.8 79.5-94.7L93.5 64H64C46.3 64 32 49.7 32 32zM160 384h64v96c0 17.7-14.3 32-32 32s-32-14.3-32-32V384z\"\/><\/svg> Entdeckung            <\/p>\r\n            <p class=\"titre-lieu\">Belv\u00e9d\u00e8re des \u00c9crins (3400m)<\/p>\r\n            <p class=\"ville-lieu\">Saint-Christophe-en-Oisans<\/p>\r\n          <\/div>\r\n          <img width=\"1024\" height=\"768\" src=\"https:\/\/www.camping-lecolporteur.com\/wp-content\/uploads\/2024\/07\/AdobeStock_478775626.jpeg\" class=\"attachment-large size-large\" alt=\"Alpes parc des ecrins\" decoding=\"async\" loading=\"lazy\" srcset=\"https:\/\/www.camping-lecolporteur.com\/wp-content\/uploads\/2024\/07\/AdobeStock_478775626.jpeg 1024w, https:\/\/www.camping-lecolporteur.com\/wp-content\/uploads\/2024\/07\/AdobeStock_478775626-420x315.jpeg 420w, https:\/\/www.camping-lecolporteur.com\/wp-content\/uploads\/2024\/07\/AdobeStock_478775626-768x576.jpeg 768w\" sizes=\"(max-width: 1024px) 100vw, 1024px\" title=\"\">        <\/article>\r\n              <article class=\"lieu-alentour currentCat visuel\" data-cat=\"entdeckung\" data-slug=\"lalpe-de-venosc\" data-icone=\"\" data-couleur=\"\" data-latitude=\"45.004487\" data-longitude=\"6.121764\">\r\n          <div class=\"texte-lieu\">\r\n            <p class=\"categorie-lieu\">\r\n              <svg xmlns=\"http:\/\/www.w3.org\/2000\/svg\" viewBox=\"0 0 384 512\" style=\"width: 0.65rem; margin-right: .25rem; fill: white;\"><path d=\"M32 32C32 14.3 46.3 0 64 0H320c17.7 0 32 14.3 32 32s-14.3 32-32 32H290.5l11.4 148.2c36.7 19.9 65.7 53.2 79.5 94.7l1 3c3.3 9.8 1.6 20.5-4.4 28.8s-15.7 13.3-26 13.3H32c-10.3 0-19.9-4.9-26-13.3s-7.7-19.1-4.4-28.8l1-3c13.8-41.5 42.8-74.8 79.5-94.7L93.5 64H64C46.3 64 32 49.7 32 32zM160 384h64v96c0 17.7-14.3 32-32 32s-32-14.3-32-32V384z\"\/><\/svg> Entdeckung            <\/p>\r\n            <p class=\"titre-lieu\">L&#8217;Alpe de Venosc<\/p>\r\n            <p class=\"ville-lieu\">Les Deux Alpes<\/p>\r\n          <\/div>\r\n          <img width=\"1024\" height=\"681\" src=\"https:\/\/www.camping-lecolporteur.com\/wp-content\/uploads\/2024\/07\/AdobeStock_402747375.jpeg\" class=\"attachment-large size-large\" alt=\"statio ski alpes\" decoding=\"async\" loading=\"lazy\" srcset=\"https:\/\/www.camping-lecolporteur.com\/wp-content\/uploads\/2024\/07\/AdobeStock_402747375.jpeg 1024w, https:\/\/www.camping-lecolporteur.com\/wp-content\/uploads\/2024\/07\/AdobeStock_402747375-420x279.jpeg 420w, https:\/\/www.camping-lecolporteur.com\/wp-content\/uploads\/2024\/07\/AdobeStock_402747375-768x511.jpeg 768w\" sizes=\"(max-width: 1024px) 100vw, 1024px\" title=\"\">        <\/article>\r\n              <article class=\"lieu-alentour currentCat visuel\" data-cat=\"entdeckung\" data-slug=\"mont-de-lans\" data-icone=\"\" data-couleur=\"\" data-latitude=\"45.0362\" data-longitude=\"6.131857\">\r\n          <div class=\"texte-lieu\">\r\n            <p class=\"categorie-lieu\">\r\n              <svg xmlns=\"http:\/\/www.w3.org\/2000\/svg\" viewBox=\"0 0 384 512\" style=\"width: 0.65rem; margin-right: .25rem; fill: white;\"><path d=\"M32 32C32 14.3 46.3 0 64 0H320c17.7 0 32 14.3 32 32s-14.3 32-32 32H290.5l11.4 148.2c36.7 19.9 65.7 53.2 79.5 94.7l1 3c3.3 9.8 1.6 20.5-4.4 28.8s-15.7 13.3-26 13.3H32c-10.3 0-19.9-4.9-26-13.3s-7.7-19.1-4.4-28.8l1-3c13.8-41.5 42.8-74.8 79.5-94.7L93.5 64H64C46.3 64 32 49.7 32 32zM160 384h64v96c0 17.7-14.3 32-32 32s-32-14.3-32-32V384z\"\/><\/svg> Entdeckung            <\/p>\r\n            <p class=\"titre-lieu\">Mont-de-Lans<\/p>\r\n            <p class=\"ville-lieu\">Les Deux Alpes<\/p>\r\n          <\/div>\r\n          <img width=\"1024\" height=\"683\" src=\"https:\/\/www.camping-lecolporteur.com\/wp-content\/uploads\/2024\/07\/AdobeStock_469036111.jpeg\" class=\"attachment-large size-large\" alt=\"lac montagne alpes\" decoding=\"async\" loading=\"lazy\" srcset=\"https:\/\/www.camping-lecolporteur.com\/wp-content\/uploads\/2024\/07\/AdobeStock_469036111.jpeg 1024w, https:\/\/www.camping-lecolporteur.com\/wp-content\/uploads\/2024\/07\/AdobeStock_469036111-420x280.jpeg 420w, https:\/\/www.camping-lecolporteur.com\/wp-content\/uploads\/2024\/07\/AdobeStock_469036111-768x512.jpeg 768w\" sizes=\"(max-width: 1024px) 100vw, 1024px\" title=\"\">        <\/article>\r\n              <article class=\"lieu-alentour currentCat visuel\" data-cat=\"aktivitaten\" data-slug=\"la-ferme-des-bisons-de-loisans\" data-icone=\"\" data-couleur=\"\" data-latitude=\"45.118516\" data-longitude=\"6.0041636\">\r\n          <div class=\"texte-lieu\">\r\n            <p class=\"categorie-lieu\">\r\n              <svg xmlns=\"http:\/\/www.w3.org\/2000\/svg\" viewBox=\"0 0 384 512\" style=\"width: 0.65rem; margin-right: .25rem; fill: white;\"><path d=\"M32 32C32 14.3 46.3 0 64 0H320c17.7 0 32 14.3 32 32s-14.3 32-32 32H290.5l11.4 148.2c36.7 19.9 65.7 53.2 79.5 94.7l1 3c3.3 9.8 1.6 20.5-4.4 28.8s-15.7 13.3-26 13.3H32c-10.3 0-19.9-4.9-26-13.3s-7.7-19.1-4.4-28.8l1-3c13.8-41.5 42.8-74.8 79.5-94.7L93.5 64H64C46.3 64 32 49.7 32 32zM160 384h64v96c0 17.7-14.3 32-32 32s-32-14.3-32-32V384z\"\/><\/svg> Aktivit\u00e4ten            <\/p>\r\n            <p class=\"titre-lieu\">Die Bisons de l&#8217;Oisans-Farm<\/p>\r\n            <p class=\"ville-lieu\">Le Bourg-d&#8217;Oisans<\/p>\r\n          <\/div>\r\n          <img width=\"1024\" height=\"683\" src=\"https:\/\/www.camping-lecolporteur.com\/wp-content\/uploads\/2024\/07\/AdobeStock_537085312.jpeg\" class=\"attachment-large size-large\" alt=\"bison camping Alpes d&#039;Huez Is\u00e8re\" decoding=\"async\" loading=\"lazy\" srcset=\"https:\/\/www.camping-lecolporteur.com\/wp-content\/uploads\/2024\/07\/AdobeStock_537085312.jpeg 1024w, https:\/\/www.camping-lecolporteur.com\/wp-content\/uploads\/2024\/07\/AdobeStock_537085312-420x280.jpeg 420w, https:\/\/www.camping-lecolporteur.com\/wp-content\/uploads\/2024\/07\/AdobeStock_537085312-768x512.jpeg 768w\" sizes=\"(max-width: 1024px) 100vw, 1024px\" title=\"\">        <\/article>\r\n              <article class=\"lieu-alentour currentCat visuel\" data-cat=\"entdeckung\" data-slug=\"le-lac-bleu\" data-icone=\"\" data-couleur=\"\" data-latitude=\"45.0542025\" data-longitude=\"6.0337522\">\r\n          <div class=\"texte-lieu\">\r\n            <p class=\"categorie-lieu\">\r\n              <svg xmlns=\"http:\/\/www.w3.org\/2000\/svg\" viewBox=\"0 0 384 512\" style=\"width: 0.65rem; margin-right: .25rem; fill: white;\"><path d=\"M32 32C32 14.3 46.3 0 64 0H320c17.7 0 32 14.3 32 32s-14.3 32-32 32H290.5l11.4 148.2c36.7 19.9 65.7 53.2 79.5 94.7l1 3c3.3 9.8 1.6 20.5-4.4 28.8s-15.7 13.3-26 13.3H32c-10.3 0-19.9-4.9-26-13.3s-7.7-19.1-4.4-28.8l1-3c13.8-41.5 42.8-74.8 79.5-94.7L93.5 64H64C46.3 64 32 49.7 32 32zM160 384h64v96c0 17.7-14.3 32-32 32s-32-14.3-32-32V384z\"\/><\/svg> Entdeckung            <\/p>\r\n            <p class=\"titre-lieu\">Le Lac Bleu<\/p>\r\n            <p class=\"ville-lieu\">Le Bourg-d&#8217;Oisans<\/p>\r\n          <\/div>\r\n          <img width=\"1024\" height=\"684\" src=\"https:\/\/www.camping-lecolporteur.com\/wp-content\/uploads\/2024\/07\/AdobeStock_419786990.jpeg\" class=\"attachment-large size-large\" alt=\"lac camping Alpes d&#039;Huez Is\u00e8re\" decoding=\"async\" loading=\"lazy\" srcset=\"https:\/\/www.camping-lecolporteur.com\/wp-content\/uploads\/2024\/07\/AdobeStock_419786990.jpeg 1024w, https:\/\/www.camping-lecolporteur.com\/wp-content\/uploads\/2024\/07\/AdobeStock_419786990-420x281.jpeg 420w, https:\/\/www.camping-lecolporteur.com\/wp-content\/uploads\/2024\/07\/AdobeStock_419786990-768x513.jpeg 768w\" sizes=\"(max-width: 1024px) 100vw, 1024px\" title=\"\">        <\/article>\r\n              <article class=\"lieu-alentour currentCat visuel\" data-cat=\"aktivitaten\" data-slug=\"park-aventure-oisans\" data-icone=\"\" data-couleur=\"\" data-latitude=\"45.051951\" data-longitude=\"6.030064\">\r\n          <div class=\"texte-lieu\">\r\n            <p class=\"categorie-lieu\">\r\n              <svg xmlns=\"http:\/\/www.w3.org\/2000\/svg\" viewBox=\"0 0 384 512\" style=\"width: 0.65rem; margin-right: .25rem; fill: white;\"><path d=\"M32 32C32 14.3 46.3 0 64 0H320c17.7 0 32 14.3 32 32s-14.3 32-32 32H290.5l11.4 148.2c36.7 19.9 65.7 53.2 79.5 94.7l1 3c3.3 9.8 1.6 20.5-4.4 28.8s-15.7 13.3-26 13.3H32c-10.3 0-19.9-4.9-26-13.3s-7.7-19.1-4.4-28.8l1-3c13.8-41.5 42.8-74.8 79.5-94.7L93.5 64H64C46.3 64 32 49.7 32 32zM160 384h64v96c0 17.7-14.3 32-32 32s-32-14.3-32-32V384z\"\/><\/svg> Aktivit\u00e4ten            <\/p>\r\n            <p class=\"titre-lieu\">Abenteuerpark Oisans<\/p>\r\n            <p class=\"ville-lieu\">Le Bourg-d&#8217;Oisans<\/p>\r\n          <\/div>\r\n          <img width=\"1024\" height=\"683\" src=\"https:\/\/www.camping-lecolporteur.com\/wp-content\/uploads\/2024\/07\/AdobeStock_198178803.webp\" class=\"attachment-large size-large\" alt=\"accrobranche camping Alpes d&#039;Huez Is\u00e8re\" decoding=\"async\" loading=\"lazy\" srcset=\"https:\/\/www.camping-lecolporteur.com\/wp-content\/uploads\/2024\/07\/AdobeStock_198178803.webp 1024w, https:\/\/www.camping-lecolporteur.com\/wp-content\/uploads\/2024\/07\/AdobeStock_198178803-420x280.webp 420w, https:\/\/www.camping-lecolporteur.com\/wp-content\/uploads\/2024\/07\/AdobeStock_198178803-768x512.webp 768w\" sizes=\"(max-width: 1024px) 100vw, 1024px\" title=\"\">        <\/article>\r\n              <article class=\"lieu-alentour currentCat visuel\" data-cat=\"besuche\" data-slug=\"parc-du-vercors\" data-icone=\"\" data-couleur=\"\" data-latitude=\"45.1297795\" data-longitude=\"5.5879148\">\r\n          <div class=\"texte-lieu\">\r\n            <p class=\"categorie-lieu\">\r\n              <svg xmlns=\"http:\/\/www.w3.org\/2000\/svg\" viewBox=\"0 0 384 512\" style=\"width: 0.65rem; margin-right: .25rem; fill: white;\"><path d=\"M32 32C32 14.3 46.3 0 64 0H320c17.7 0 32 14.3 32 32s-14.3 32-32 32H290.5l11.4 148.2c36.7 19.9 65.7 53.2 79.5 94.7l1 3c3.3 9.8 1.6 20.5-4.4 28.8s-15.7 13.3-26 13.3H32c-10.3 0-19.9-4.9-26-13.3s-7.7-19.1-4.4-28.8l1-3c13.8-41.5 42.8-74.8 79.5-94.7L93.5 64H64C46.3 64 32 49.7 32 32zM160 384h64v96c0 17.7-14.3 32-32 32s-32-14.3-32-32V384z\"\/><\/svg> Besuche            <\/p>\r\n            <p class=\"titre-lieu\">Park von Vercors<\/p>\r\n            <p class=\"ville-lieu\">Lans-en-Vercors<\/p>\r\n          <\/div>\r\n          <img width=\"1024\" height=\"683\" src=\"https:\/\/www.camping-lecolporteur.com\/wp-content\/uploads\/2024\/07\/AdobeStock_286526086-1024x683.jpeg\" class=\"attachment-large size-large\" alt=\"vercos rhone alpes\" decoding=\"async\" loading=\"lazy\" srcset=\"https:\/\/www.camping-lecolporteur.com\/wp-content\/uploads\/2024\/07\/AdobeStock_286526086-1024x683.jpeg 1024w, https:\/\/www.camping-lecolporteur.com\/wp-content\/uploads\/2024\/07\/AdobeStock_286526086-420x280.jpeg 420w, https:\/\/www.camping-lecolporteur.com\/wp-content\/uploads\/2024\/07\/AdobeStock_286526086-768x512.jpeg 768w, https:\/\/www.camping-lecolporteur.com\/wp-content\/uploads\/2024\/07\/AdobeStock_286526086-1536x1024.jpeg 1536w, https:\/\/www.camping-lecolporteur.com\/wp-content\/uploads\/2024\/07\/AdobeStock_286526086-2048x1365.jpeg 2048w\" sizes=\"(max-width: 1024px) 100vw, 1024px\" title=\"\">        <\/article>\r\n              <article class=\"lieu-alentour currentCat visuel\" data-cat=\"besuche\" data-slug=\"parc-des-ecrins\" data-icone=\"\" data-couleur=\"\" data-latitude=\"45.035275\" data-longitude=\"6.4016814\">\r\n          <div class=\"texte-lieu\">\r\n            <p class=\"categorie-lieu\">\r\n              <svg xmlns=\"http:\/\/www.w3.org\/2000\/svg\" viewBox=\"0 0 384 512\" style=\"width: 0.65rem; margin-right: .25rem; fill: white;\"><path d=\"M32 32C32 14.3 46.3 0 64 0H320c17.7 0 32 14.3 32 32s-14.3 32-32 32H290.5l11.4 148.2c36.7 19.9 65.7 53.2 79.5 94.7l1 3c3.3 9.8 1.6 20.5-4.4 28.8s-15.7 13.3-26 13.3H32c-10.3 0-19.9-4.9-26-13.3s-7.7-19.1-4.4-28.8l1-3c13.8-41.5 42.8-74.8 79.5-94.7L93.5 64H64C46.3 64 32 49.7 32 32zM160 384h64v96c0 17.7-14.3 32-32 32s-32-14.3-32-32V384z\"\/><\/svg> Besuche            <\/p>\r\n            <p class=\"titre-lieu\">Ecrins-Park<\/p>\r\n            <p class=\"ville-lieu\">Le Mon\u00eatier-les-Bains<\/p>\r\n          <\/div>\r\n          <img width=\"1024\" height=\"409\" src=\"https:\/\/www.camping-lecolporteur.com\/wp-content\/uploads\/2024\/07\/AdobeStock_667762761-.jpeg\" class=\"attachment-large size-large\" alt=\"Grand Colombier alpes\" decoding=\"async\" loading=\"lazy\" srcset=\"https:\/\/www.camping-lecolporteur.com\/wp-content\/uploads\/2024\/07\/AdobeStock_667762761-.jpeg 1024w, https:\/\/www.camping-lecolporteur.com\/wp-content\/uploads\/2024\/07\/AdobeStock_667762761--420x168.jpeg 420w, https:\/\/www.camping-lecolporteur.com\/wp-content\/uploads\/2024\/07\/AdobeStock_667762761--768x307.jpeg 768w\" sizes=\"(max-width: 1024px) 100vw, 1024px\" title=\"\">        <\/article>\r\n              <article class=\"lieu-alentour currentCat visuel\" data-cat=\"aktivitaten\" data-slug=\"gleitschirmflug\" data-icone=\"\" data-couleur=\"\" data-latitude=\"45.0545069\" data-longitude=\"6.0296078\">\r\n          <div class=\"texte-lieu\">\r\n            <p class=\"categorie-lieu\">\r\n              <svg xmlns=\"http:\/\/www.w3.org\/2000\/svg\" viewBox=\"0 0 384 512\" style=\"width: 0.65rem; margin-right: .25rem; fill: white;\"><path d=\"M32 32C32 14.3 46.3 0 64 0H320c17.7 0 32 14.3 32 32s-14.3 32-32 32H290.5l11.4 148.2c36.7 19.9 65.7 53.2 79.5 94.7l1 3c3.3 9.8 1.6 20.5-4.4 28.8s-15.7 13.3-26 13.3H32c-10.3 0-19.9-4.9-26-13.3s-7.7-19.1-4.4-28.8l1-3c13.8-41.5 42.8-74.8 79.5-94.7L93.5 64H64C46.3 64 32 49.7 32 32zM160 384h64v96c0 17.7-14.3 32-32 32s-32-14.3-32-32V384z\"\/><\/svg> Aktivit\u00e4ten            <\/p>\r\n            <p class=\"titre-lieu\">Flug mit dem Gleitschirm<\/p>\r\n            <p class=\"ville-lieu\">Le Bourg-d&#8217;Oisans<\/p>\r\n          <\/div>\r\n          <img width=\"1024\" height=\"767\" src=\"https:\/\/www.camping-lecolporteur.com\/wp-content\/uploads\/2024\/07\/parapente-2-1024x767.jpg\" class=\"attachment-large size-large\" alt=\"parapente Alpes d&#039;Huez Is\u00e8re\" decoding=\"async\" loading=\"lazy\" srcset=\"https:\/\/www.camping-lecolporteur.com\/wp-content\/uploads\/2024\/07\/parapente-2-1024x767.jpg 1024w, https:\/\/www.camping-lecolporteur.com\/wp-content\/uploads\/2024\/07\/parapente-2-420x315.jpg 420w, https:\/\/www.camping-lecolporteur.com\/wp-content\/uploads\/2024\/07\/parapente-2-768x575.jpg 768w, https:\/\/www.camping-lecolporteur.com\/wp-content\/uploads\/2024\/07\/parapente-2-1536x1151.jpg 1536w, https:\/\/www.camping-lecolporteur.com\/wp-content\/uploads\/2024\/07\/parapente-2.jpg 2048w\" sizes=\"(max-width: 1024px) 100vw, 1024px\" title=\"\">        <\/article>\r\n              <article class=\"lieu-alentour currentCat visuel\" data-cat=\"aktivitaten\" data-slug=\"via-ferrata\" data-icone=\"\" data-couleur=\"\" data-latitude=\"45.0848008\" data-longitude=\"6.1030332\">\r\n          <div class=\"texte-lieu\">\r\n            <p class=\"categorie-lieu\">\r\n              <svg xmlns=\"http:\/\/www.w3.org\/2000\/svg\" viewBox=\"0 0 384 512\" style=\"width: 0.65rem; margin-right: .25rem; fill: white;\"><path d=\"M32 32C32 14.3 46.3 0 64 0H320c17.7 0 32 14.3 32 32s-14.3 32-32 32H290.5l11.4 148.2c36.7 19.9 65.7 53.2 79.5 94.7l1 3c3.3 9.8 1.6 20.5-4.4 28.8s-15.7 13.3-26 13.3H32c-10.3 0-19.9-4.9-26-13.3s-7.7-19.1-4.4-28.8l1-3c13.8-41.5 42.8-74.8 79.5-94.7L93.5 64H64C46.3 64 32 49.7 32 32zM160 384h64v96c0 17.7-14.3 32-32 32s-32-14.3-32-32V384z\"\/><\/svg> Aktivit\u00e4ten            <\/p>\r\n            <p class=\"titre-lieu\">Via Ferrata (Klettersteig)<\/p>\r\n            <p class=\"ville-lieu\">Huez<\/p>\r\n          <\/div>\r\n          <img width=\"1024\" height=\"683\" src=\"https:\/\/www.camping-lecolporteur.com\/wp-content\/uploads\/2024\/07\/AdobeStock_397815357.webp\" class=\"attachment-large size-large\" alt=\"escalade dans les alpes\" decoding=\"async\" loading=\"lazy\" srcset=\"https:\/\/www.camping-lecolporteur.com\/wp-content\/uploads\/2024\/07\/AdobeStock_397815357.webp 1024w, https:\/\/www.camping-lecolporteur.com\/wp-content\/uploads\/2024\/07\/AdobeStock_397815357-420x280.webp 420w, https:\/\/www.camping-lecolporteur.com\/wp-content\/uploads\/2024\/07\/AdobeStock_397815357-768x512.webp 768w\" sizes=\"(max-width: 1024px) 100vw, 1024px\" title=\"\">        <\/article>\r\n              <article class=\"lieu-alentour currentCat visuel\" data-cat=\"aktivitaten\" data-slug=\"canyoning\" data-icone=\"\" data-couleur=\"\" data-latitude=\"44.986232\" data-longitude=\"6.1178586\">\r\n          <div class=\"texte-lieu\">\r\n            <p class=\"categorie-lieu\">\r\n              <svg xmlns=\"http:\/\/www.w3.org\/2000\/svg\" viewBox=\"0 0 384 512\" style=\"width: 0.65rem; margin-right: .25rem; fill: white;\"><path d=\"M32 32C32 14.3 46.3 0 64 0H320c17.7 0 32 14.3 32 32s-14.3 32-32 32H290.5l11.4 148.2c36.7 19.9 65.7 53.2 79.5 94.7l1 3c3.3 9.8 1.6 20.5-4.4 28.8s-15.7 13.3-26 13.3H32c-10.3 0-19.9-4.9-26-13.3s-7.7-19.1-4.4-28.8l1-3c13.8-41.5 42.8-74.8 79.5-94.7L93.5 64H64C46.3 64 32 49.7 32 32zM160 384h64v96c0 17.7-14.3 32-32 32s-32-14.3-32-32V384z\"\/><\/svg> Aktivit\u00e4ten            <\/p>\r\n            <p class=\"titre-lieu\">Canyoning<\/p>\r\n            <p class=\"ville-lieu\">Les Deux Alpes<\/p>\r\n          <\/div>\r\n          <img width=\"1024\" height=\"683\" src=\"https:\/\/www.camping-lecolporteur.com\/wp-content\/uploads\/2024\/07\/AdobeStock_449376109.jpeg\" class=\"attachment-large size-large\" alt=\"canyoning camping Alpes d&#039;Huez Is\u00e8re\" decoding=\"async\" loading=\"lazy\" srcset=\"https:\/\/www.camping-lecolporteur.com\/wp-content\/uploads\/2024\/07\/AdobeStock_449376109.jpeg 1024w, https:\/\/www.camping-lecolporteur.com\/wp-content\/uploads\/2024\/07\/AdobeStock_449376109-420x280.jpeg 420w, https:\/\/www.camping-lecolporteur.com\/wp-content\/uploads\/2024\/07\/AdobeStock_449376109-768x512.jpeg 768w\" sizes=\"(max-width: 1024px) 100vw, 1024px\" title=\"\">        <\/article>\r\n              <article class=\"lieu-alentour currentCat visuel\" data-cat=\"aktivitaten\" data-slug=\"radfahrerpisten\" data-icone=\"\" data-couleur=\"\" data-latitude=\"45.0547873\" data-longitude=\"6.0323721\">\r\n          <div class=\"texte-lieu\">\r\n            <p class=\"categorie-lieu\">\r\n              <svg xmlns=\"http:\/\/www.w3.org\/2000\/svg\" viewBox=\"0 0 384 512\" style=\"width: 0.65rem; margin-right: .25rem; fill: white;\"><path d=\"M32 32C32 14.3 46.3 0 64 0H320c17.7 0 32 14.3 32 32s-14.3 32-32 32H290.5l11.4 148.2c36.7 19.9 65.7 53.2 79.5 94.7l1 3c3.3 9.8 1.6 20.5-4.4 28.8s-15.7 13.3-26 13.3H32c-10.3 0-19.9-4.9-26-13.3s-7.7-19.1-4.4-28.8l1-3c13.8-41.5 42.8-74.8 79.5-94.7L93.5 64H64C46.3 64 32 49.7 32 32zM160 384h64v96c0 17.7-14.3 32-32 32s-32-14.3-32-32V384z\"\/><\/svg> Aktivit\u00e4ten            <\/p>\r\n            <p class=\"titre-lieu\">Radwege<\/p>\r\n            <p class=\"ville-lieu\">Le Bourg-d&#8217;Oisans<\/p>\r\n          <\/div>\r\n          <img width=\"1024\" height=\"513\" src=\"https:\/\/www.camping-lecolporteur.com\/wp-content\/uploads\/2024\/07\/batch_AdobeStock_519967663.webp\" class=\"attachment-large size-large\" alt=\"randonn\u00e9es Alpes d&#039;Huez Is\u00e8re\" decoding=\"async\" loading=\"lazy\" srcset=\"https:\/\/www.camping-lecolporteur.com\/wp-content\/uploads\/2024\/07\/batch_AdobeStock_519967663.webp 1024w, https:\/\/www.camping-lecolporteur.com\/wp-content\/uploads\/2024\/07\/batch_AdobeStock_519967663-420x210.webp 420w, https:\/\/www.camping-lecolporteur.com\/wp-content\/uploads\/2024\/07\/batch_AdobeStock_519967663-768x385.webp 768w\" sizes=\"(max-width: 1024px) 100vw, 1024px\" title=\"\">        <\/article>\r\n              <article class=\"lieu-alentour currentCat visuel\" data-cat=\"aktivitaten\" data-slug=\"randonnees-gr-50-et-54\" data-icone=\"\" data-couleur=\"\" data-latitude=\"45.0539659\" data-longitude=\"6.0290748\">\r\n          <div class=\"texte-lieu\">\r\n            <p class=\"categorie-lieu\">\r\n              <svg xmlns=\"http:\/\/www.w3.org\/2000\/svg\" viewBox=\"0 0 384 512\" style=\"width: 0.65rem; margin-right: .25rem; fill: white;\"><path d=\"M32 32C32 14.3 46.3 0 64 0H320c17.7 0 32 14.3 32 32s-14.3 32-32 32H290.5l11.4 148.2c36.7 19.9 65.7 53.2 79.5 94.7l1 3c3.3 9.8 1.6 20.5-4.4 28.8s-15.7 13.3-26 13.3H32c-10.3 0-19.9-4.9-26-13.3s-7.7-19.1-4.4-28.8l1-3c13.8-41.5 42.8-74.8 79.5-94.7L93.5 64H64C46.3 64 32 49.7 32 32zM160 384h64v96c0 17.7-14.3 32-32 32s-32-14.3-32-32V384z\"\/><\/svg> Aktivit\u00e4ten            <\/p>\r\n            <p class=\"titre-lieu\">Wanderungen GR 50 und 54<\/p>\r\n            <p class=\"ville-lieu\">Le Bourg-d&#8217;Oisans<\/p>\r\n          <\/div>\r\n          <img width=\"1024\" height=\"600\" src=\"https:\/\/www.camping-lecolporteur.com\/wp-content\/uploads\/2024\/07\/batch_AdobeStock_381406899.webp\" class=\"attachment-large size-large\" alt=\"randonn\u00e9es en Is\u00e8re\" decoding=\"async\" loading=\"lazy\" srcset=\"https:\/\/www.camping-lecolporteur.com\/wp-content\/uploads\/2024\/07\/batch_AdobeStock_381406899.webp 1024w, https:\/\/www.camping-lecolporteur.com\/wp-content\/uploads\/2024\/07\/batch_AdobeStock_381406899-420x246.webp 420w, https:\/\/www.camping-lecolporteur.com\/wp-content\/uploads\/2024\/07\/batch_AdobeStock_381406899-768x450.webp 768w\" sizes=\"(max-width: 1024px) 100vw, 1024px\" title=\"\">        <\/article>\r\n          <\/div>\r\n    <div id='page_navigation'><\/div>\r\n  <\/div>\r\n\r\n  <div id=\"map-alentours\" class=\"wp-block-column\">\r\n    <div id=\"map\"><\/div>\r\n  <\/div>\r\n\r\n<\/section>\r\n\r\n<\/section>\n\n\n\n<section class=\"is-layout-flow wp-block-group T-10\">\n<div class=\"is-layout-flex wp-container-17 wp-block-columns are-vertically-aligned-center reverse-mob\">\n<div class=\"is-layout-flow wp-block-column is-vertically-aligned-center col-img\"><div class=\"fc-galerie fc-auto f-carousel fc-diapo-mob \"  style=\"\"  data-fancybox=\"gallery-mob\"><figure class=\"fc-galerie__item fc-auto f-carousel__slide \" style=\"\"><picture><source srcset=\"https:\/\/www.camping-lecolporteur.com\/wp-content\/uploads\/2024\/07\/batch_AdobeStock_519967663-600x301.webp\" media=\"(max-width: 211px)\"><source srcset=\"https:\/\/www.camping-lecolporteur.com\/wp-content\/uploads\/2024\/07\/batch_AdobeStock_519967663-800x401.webp\" media=\"(max-width: 421px)\"><source srcset=\"https:\/\/www.camping-lecolporteur.com\/wp-content\/uploads\/2024\/07\/batch_AdobeStock_519967663.webp\" media=\"(max-width: 1025px)\"><source srcset=\"https:\/\/www.camping-lecolporteur.com\/wp-content\/uploads\/2024\/07\/batch_AdobeStock_519967663.webp\" media=\"(min-width: 1026px)\"><img decoding=\"async\" loading=\"lazy\" width=\"415\" height=\"210\" src=\"https:\/\/www.camping-lecolporteur.com\/wp-content\/uploads\/2024\/07\/batch_AdobeStock_519967663-600x301.webp\" alt=\"randonn\u00e9es Alpes d&#039;Huez Is\u00e8re\" title=\"\"><\/picture><\/figure><figure class=\"fc-galerie__item fc-auto f-carousel__slide \" style=\"\"><picture><source srcset=\"https:\/\/www.camping-lecolporteur.com\/wp-content\/uploads\/2024\/07\/AdobeStock_13116797-600x400.webp\" media=\"(max-width: 211px)\"><source srcset=\"https:\/\/www.camping-lecolporteur.com\/wp-content\/uploads\/2024\/07\/AdobeStock_13116797-800x534.webp\" media=\"(max-width: 421px)\"><source srcset=\"https:\/\/www.camping-lecolporteur.com\/wp-content\/uploads\/2024\/07\/AdobeStock_13116797.webp\" media=\"(max-width: 1025px)\"><source srcset=\"https:\/\/www.camping-lecolporteur.com\/wp-content\/uploads\/2024\/07\/AdobeStock_13116797.webp\" media=\"(min-width: 1026px)\"><img decoding=\"async\" loading=\"lazy\" width=\"415\" height=\"210\" src=\"https:\/\/www.camping-lecolporteur.com\/wp-content\/uploads\/2024\/07\/AdobeStock_13116797-600x400.webp\" alt=\"randonn\u00e9es dans les alpes\" title=\"\"><\/picture><\/figure><figure class=\"fc-galerie__item fc-auto f-carousel__slide \" style=\"\"><picture><source srcset=\"https:\/\/www.camping-lecolporteur.com\/wp-content\/uploads\/2024\/07\/AdobeStock_397815357-600x400.webp\" media=\"(max-width: 211px)\"><source srcset=\"https:\/\/www.camping-lecolporteur.com\/wp-content\/uploads\/2024\/07\/AdobeStock_397815357-800x534.webp\" media=\"(max-width: 421px)\"><source srcset=\"https:\/\/www.camping-lecolporteur.com\/wp-content\/uploads\/2024\/07\/AdobeStock_397815357.webp\" media=\"(max-width: 1025px)\"><source srcset=\"https:\/\/www.camping-lecolporteur.com\/wp-content\/uploads\/2024\/07\/AdobeStock_397815357.webp\" media=\"(min-width: 1026px)\"><img decoding=\"async\" loading=\"lazy\" width=\"415\" height=\"210\" src=\"https:\/\/www.camping-lecolporteur.com\/wp-content\/uploads\/2024\/07\/AdobeStock_397815357-600x400.webp\" alt=\"escalade dans les alpes\" title=\"\"><\/picture><\/figure><\/div>\n\n\n<div class=\"is-layout-flex wp-block-buttons\">\n<div class=\"wp-block-button btn_galerie fc-style-1\"><a class=\"wp-block-button__link wp-element-button\" href=\"https:\/\/www.camping-lecolporteur.com\/de\/fotogalerie\/\">&gt; Siehe die Galerie<\/a><\/div>\n<\/div>\n<\/div>\n\n\n\n<div class=\"is-layout-flow wp-block-column is-vertically-aligned-center col-text\" style=\"flex-basis:40%\">\n<h2 class=\"has-vert-color has-text-color\" id=\"le-camping-pres-de-la-plage-des-vacances-parfaites\">Aktivit\u00e4ten in der N\u00e4he des Campingplatzes Bourg d&#8217;Oisans<\/h2>\n\n\n\n<p>Z\u00f6gern Sie nicht, den <strong>Campingplatz in Bourg d&#8217;Oisans<\/strong> f\u00fcr Aktivit\u00e4ten in den Bergen in diesem Sommer zu verlassen.<\/p>\n\n\n\n<p>Der Campingplatz liegt <strong>am Fu\u00dfe der Alpe d&#8217;Huez<\/strong>. Hier k\u00f6nnen Sie zahlreiche Aktivit\u00e4ten aus\u00fcben:<\/p>\n\n\n\n<ul>\n<li><strong>Wandern<\/strong> Sie durch die Gemeinden rund um den Campingplatz und entdecken Sie die bemerkenswerte Flora und Fauna auf den \u00f6rtlichen GRs.<\/li>\n\n\n\n<li>F\u00fcr die Wagemutigen gibt es die M\u00f6glichkeit, <strong>mit dem Fahrrad den Anstieg nach Alpe d&#8217;Huez<\/strong> zu bew\u00e4ltigen, einem ber\u00fchmten Etappenziel der <strong>Tour de France<\/strong>.<\/li>\n\n\n\n<li>In der Region gibt es viele <strong>Wassersportaktivit\u00e4ten<\/strong> wie <strong>Canyoning<\/strong>.<\/li>\n\n\n\n<li>Und viele andere Bergaktivit\u00e4ten im Sommer: <strong>Via Ferrata<\/strong>, <strong>Paragliding<\/strong>&#8230;<\/li>\n<\/ul>\n\n\n\n<p>Ein weiterer Grund, sich f\u00fcr einen Urlaub auf dem <strong>Campingplatz in Bourg d&#8217;Oisans<\/strong> zu entscheiden <strong>!<\/strong><\/p>\n<\/div>\n<\/div>\n<\/section>\n\n\n\n<section class=\"is-layout-flow wp-block-group alignfull\"><figure class=\"deco--vague fc-auto \" style=\"\"  ><picture><source srcset=\"https:\/\/www.camping-lecolporteur.com\/wp-content\/uploads\/2024\/05\/vague.svg\" media=\"(max-width: 211px)\"><source srcset=\"https:\/\/www.camping-lecolporteur.com\/wp-content\/uploads\/2024\/05\/vague.svg\" media=\"(max-width: 421px)\"><source srcset=\"https:\/\/www.camping-lecolporteur.com\/wp-content\/uploads\/2024\/05\/vague.svg\" media=\"(max-width: 1025px)\"><source srcset=\"https:\/\/www.camping-lecolporteur.com\/wp-content\/uploads\/2024\/05\/vague.svg\" media=\"(min-width: 1026px)\"><img decoding=\"async\" loading=\"lazy\" width=\"420\" height=\"210\" src=\"https:\/\/www.camping-lecolporteur.com\/wp-content\/uploads\/2024\/05\/vague.svg\" alt=\"camping Ciela\" title=\"\"><\/picture><\/figure>\n\n\n<div class=\"is-layout-flex wp-container-22 wp-block-columns has-vert-background-color has-background\">\n<div class=\"is-layout-flow wp-block-column\">\n<h2 id=\"la-gastronomie-landaise-des-vacances-pour-se-regaler\">Erleben Sie neue Geschm\u00e4cker der Auvergne-Rh\u00f4ne-Alpes<\/h2>\n\n\n\n<p>Die lokale Gastronomie in Is\u00e8re, das in der Region <strong>Auvergne-Rh\u00f4ne-Alpes<\/strong> liegt, ist eine kulinarische Reise in das Herz der Berg- und Landtraditionen.<\/p>\n\n\n\n<p>K\u00e4se spielt hier eine wichtige Rolle, mit Sorten wie <strong>Bleu du Vercors-Sassenage<\/strong> und <strong>Saint-Marcellin<\/strong>, die den Gaumen von Feinschmeckern erfreuen. Typische Gerichte sind Gratin dauphinois, ein Muss auf der Basis von Kartoffeln und Sahne, und Ravioles du Royans, kleine Teigtaschen, die mit Frischk\u00e4se und Kr\u00e4utern gef\u00fcllt sind.<\/p>\n\n\n\n<p>In der Is\u00e8re werden diese authentischen Produkte auf den <strong>lokalen M\u00e4rkten<\/strong> und in den Restaurants angeboten, die ein kulinarisches Erlebnis bieten, das Einfachheit und Geschmacksvielfalt vereint. Ob traditionelle Rezepte oder zeitgen\u00f6ssische Kreationen, die Gastronomie des Departements Is\u00e8re spiegelt das kulinarische Erbe und die Vielfalt der Region wider.<\/p>\n\n\n\n<div class=\"is-layout-flex wp-block-buttons\">\n<div class=\"wp-block-button btn_resa\"><a class=\"wp-block-button__link wp-element-button\"><span class=\"fc-icon\"><!-- Generated by IcoMoon.io -->\n<svg version=\"1.1\" xmlns=\"http:\/\/www.w3.org\/2000\/svg\" width=\"28\" height=\"32\" viewBox=\"0 0 28 32\">\n<path d=\"M11.906 4.181l1.387-1.388c0.588-0.587 1.537-0.587 2.119 0l12.15 12.144c0.587 0.588 0.587 1.538 0 2.119l-12.15 12.15c-0.588 0.587-1.537 0.587-2.119 0l-1.387-1.387c-0.594-0.594-0.581-1.563 0.025-2.144l7.531-7.175h-17.962c-0.831 0-1.5-0.669-1.5-1.5v-2c0-0.831 0.669-1.5 1.5-1.5h17.962l-7.531-7.175c-0.613-0.581-0.625-1.55-0.025-2.144z\"><\/path>\n<\/svg>\n<\/span>  Ich buche meinen Aufenthalt<\/a><\/div>\n<\/div>\n<\/div>\n\n\n\n<div class=\"is-layout-flow wp-block-column marge-bottom\"><figure class=\"fc-auto fc-sticky \" style=\"\"  ><picture><source srcset=\"https:\/\/www.camping-lecolporteur.com\/wp-content\/uploads\/2024\/07\/AdobeStock_524654271-210x210.webp\" media=\"(max-width: 211px)\"><source srcset=\"https:\/\/www.camping-lecolporteur.com\/wp-content\/uploads\/2024\/07\/AdobeStock_524654271-420x280.webp\" media=\"(max-width: 421px)\"><source srcset=\"https:\/\/www.camping-lecolporteur.com\/wp-content\/uploads\/2024\/07\/AdobeStock_524654271.webp\" media=\"(max-width: 1025px)\"><source srcset=\"https:\/\/www.camping-lecolporteur.com\/wp-content\/uploads\/2024\/07\/AdobeStock_524654271.webp\" media=\"(min-width: 1026px)\"><img decoding=\"async\" loading=\"lazy\" width=\"420\" height=\"210\" src=\"https:\/\/www.camping-lecolporteur.com\/wp-content\/uploads\/2024\/07\/AdobeStock_524654271-210x210.webp\" alt=\"fromage des alpes\" title=\"\"><\/picture><\/figure><\/div>\n<\/div>\n<\/section>\n\n\n\n<div class=\"is-layout-constrained wp-block-group position\"><figure class=\"deco--lignes2 fc-auto \" style=\"\"  ><picture><source srcset=\"https:\/\/www.camping-lecolporteur.com\/wp-content\/uploads\/2024\/05\/lignes.svg\" media=\"(max-width: 211px)\"><source srcset=\"https:\/\/www.camping-lecolporteur.com\/wp-content\/uploads\/2024\/05\/lignes.svg\" media=\"(max-width: 421px)\"><source srcset=\"https:\/\/www.camping-lecolporteur.com\/wp-content\/uploads\/2024\/05\/lignes.svg\" media=\"(max-width: 1025px)\"><source srcset=\"https:\/\/www.camping-lecolporteur.com\/wp-content\/uploads\/2024\/05\/lignes.svg\" media=\"(min-width: 1026px)\"><img decoding=\"async\" loading=\"lazy\" width=\"420\" height=\"210\" src=\"https:\/\/www.camping-lecolporteur.com\/wp-content\/uploads\/2024\/05\/lignes.svg\" alt=\"camping Ciela\" title=\"\"><\/picture><\/figure>\n\n\n<div class=\"is-layout-flex wp-container-28 wp-block-columns are-vertically-aligned-center reverse-mob\">\n<div class=\"is-layout-flow wp-block-column is-vertically-aligned-center\"><div class=\"fc-galerie fc-auto col-1 f-carousel fc-diapo \"  style=\"\"  data-fancybox=\"gallery\"><figure class=\"fc-galerie__item fc-auto f-carousel__slide \" style=\"\"><picture><source srcset=\"https:\/\/www.camping-lecolporteur.com\/wp-content\/uploads\/2024\/07\/batch_rivieres-camping-familial-montagne-Alpe-dHuez-bourg-doisans--600x246.jpg\" media=\"(max-width: 211px)\"><source srcset=\"https:\/\/www.camping-lecolporteur.com\/wp-content\/uploads\/2024\/07\/batch_rivieres-camping-familial-montagne-Alpe-dHuez-bourg-doisans--800x328.jpg\" media=\"(max-width: 421px)\"><source srcset=\"https:\/\/www.camping-lecolporteur.com\/wp-content\/uploads\/2024\/07\/batch_rivieres-camping-familial-montagne-Alpe-dHuez-bourg-doisans--1024x420.jpg\" media=\"(max-width: 1025px)\"><source srcset=\"https:\/\/www.camping-lecolporteur.com\/wp-content\/uploads\/2024\/07\/batch_rivieres-camping-familial-montagne-Alpe-dHuez-bourg-doisans-.jpg\" media=\"(min-width: 1026px)\"><img decoding=\"async\" loading=\"lazy\" width=\"415\" height=\"210\" src=\"https:\/\/www.camping-lecolporteur.com\/wp-content\/uploads\/2024\/07\/batch_rivieres-camping-familial-montagne-Alpe-dHuez-bourg-doisans--600x246.jpg\" alt=\"montagne camping \u00e0 l&#039;Alpes d&#039;Huez\" title=\"\"><\/picture><\/figure><figure class=\"fc-galerie__item fc-auto f-carousel__slide \" style=\"\"><picture><source srcset=\"https:\/\/www.camping-lecolporteur.com\/wp-content\/uploads\/2024\/07\/batch_vue-aerienne-bourg-oisans-01-camping-familial-montagne-Alpe-dHuez-bourg-doisans-600x337.jpg\" media=\"(max-width: 211px)\"><source srcset=\"https:\/\/www.camping-lecolporteur.com\/wp-content\/uploads\/2024\/07\/batch_vue-aerienne-bourg-oisans-01-camping-familial-montagne-Alpe-dHuez-bourg-doisans-800x449.jpg\" media=\"(max-width: 421px)\"><source srcset=\"https:\/\/www.camping-lecolporteur.com\/wp-content\/uploads\/2024\/07\/batch_vue-aerienne-bourg-oisans-01-camping-familial-montagne-Alpe-dHuez-bourg-doisans.jpg\" media=\"(max-width: 1025px)\"><source srcset=\"https:\/\/www.camping-lecolporteur.com\/wp-content\/uploads\/2024\/07\/batch_vue-aerienne-bourg-oisans-01-camping-familial-montagne-Alpe-dHuez-bourg-doisans.jpg\" media=\"(min-width: 1026px)\"><img decoding=\"async\" loading=\"lazy\" width=\"415\" height=\"210\" src=\"https:\/\/www.camping-lecolporteur.com\/wp-content\/uploads\/2024\/07\/batch_vue-aerienne-bourg-oisans-01-camping-familial-montagne-Alpe-dHuez-bourg-doisans-600x337.jpg\" alt=\"vue a\u00e9rienne bourg d&#039;oisans\" title=\"\"><\/picture><\/figure><\/div><\/div>\n\n\n\n<div class=\"is-layout-flow wp-block-column is-vertically-aligned-center\">\n<h2 class=\"has-vert-color has-text-color\" id=\"les-plus-beaux-chateaux-des-landes-a-visiter\">Sehensw\u00fcrdigkeiten <em>in Auvergne-Rh\u00f4ne-Alpes in Bourg-d&#8217;Oisans<\/em><\/h2>\n\n\n\n<p>Der <strong>Campingplatz in Bourg d&#8217;Oisans<\/strong> ist der ideale Ausgangspunkt, um die Wunder der Region zu erkunden. Unser <strong>Campingplatz<\/strong> liegt <strong>am Fu\u00dfe von Alpe d&#8217;Huez<\/strong> und bietet Ihnen <strong>im Sommer<\/strong> einen einfachen Zugang zu allen lokalen Attraktionen der <strong>Berge<\/strong>.<\/p>\n\n\n\n<p>Mit einer einzigartigen Lage im Herzen des <strong>Massif des Grandes Rousses<\/strong> oberhalb von <strong>Oisans<\/strong> haben Sie einen unglaublichen Blick auf die umliegenden Berge. Hier gibt es zahlreiche <strong>Hochgebirgsseen<\/strong>, die mit der ganzen Familie zug\u00e4nglich sind, und Sie k\u00f6nnen diese gesch\u00fctzte Umgebung genie\u00dfen!<\/p>\n\n\n\n<p>Auf dem <strong>Pic Blanc<\/strong>, dem h\u00f6chsten Punkt von <strong>Alpe d&#8217;Huez <\/strong>, k\u00f6nnen Sie 1\/5 des franz\u00f6sischen Territoriums \u00fcberblicken!<\/p>\n\n\n\n<p>F\u00fcr Radfahrer ist <strong>Alpe d&#8217;Huez<\/strong> der ideale Ort, um sich zu testen und die legend\u00e4re Strecke der <strong>Tour de France<\/strong> zu fahren.<\/p>\n\n\n\n<p>Die Region ist reich an Parks, die Sie besuchen k\u00f6nnen, wie z.B. der <strong>Parc des Ecrins<\/strong> oder der <strong>Parc<\/strong> du <strong>Vercors<\/strong>.<\/p>\n<\/div>\n<\/div>\n<\/div>\n","protected":false},"excerpt":{"rendered":"<p>Entdecken Sie die Auvergne-Rh\u00f4ne-Alpes rund um den Campingplatz Le Colporteur Unser Campingplatz liegt in einer bezaubernden und revitalisierenden Umgebung am Fu\u00dfe von Alpe d&#8217;Huez, einem beliebten Ziel f\u00fcr Liebhaber gro\u00dfer Landschaften und starker Gef\u00fchle. Unser Campingplatz ist von majest\u00e4tischen Bergen und gr\u00fcnen W\u00e4ldern umgeben und bietet eine atemberaubende Umgebung, die perfekt f\u00fcr diejenigen ist, die [&hellip;]<\/p>\n","protected":false},"author":1,"featured_media":0,"parent":0,"menu_order":0,"comment_status":"closed","ping_status":"closed","template":"","meta":[],"acf":[],"_links":{"self":[{"href":"https:\/\/www.camping-lecolporteur.com\/de\/wp-json\/wp\/v2\/pages\/1615"}],"collection":[{"href":"https:\/\/www.camping-lecolporteur.com\/de\/wp-json\/wp\/v2\/pages"}],"about":[{"href":"https:\/\/www.camping-lecolporteur.com\/de\/wp-json\/wp\/v2\/types\/page"}],"author":[{"embeddable":true,"href":"https:\/\/www.camping-lecolporteur.com\/de\/wp-json\/wp\/v2\/users\/1"}],"replies":[{"embeddable":true,"href":"https:\/\/www.camping-lecolporteur.com\/de\/wp-json\/wp\/v2\/comments?post=1615"}],"version-history":[{"count":5,"href":"https:\/\/www.camping-lecolporteur.com\/de\/wp-json\/wp\/v2\/pages\/1615\/revisions"}],"predecessor-version":[{"id":2004,"href":"https:\/\/www.camping-lecolporteur.com\/de\/wp-json\/wp\/v2\/pages\/1615\/revisions\/2004"}],"wp:attachment":[{"href":"https:\/\/www.camping-lecolporteur.com\/de\/wp-json\/wp\/v2\/media?parent=1615"}],"curies":[{"name":"wp","href":"https:\/\/api.w.org\/{rel}","templated":true}]}}